{"id":1148,"date":"2023-05-07T21:25:29","date_gmt":"2023-05-08T01:25:29","guid":{"rendered":"https:\/\/wildlifeconnect.azurewebsites.net\/?page_id=1148"},"modified":"2026-02-13T05:40:12","modified_gmt":"2026-02-13T09:40:12","slug":"europa","status":"publish","type":"page","link":"https:\/\/wildlifeconnect.org\/en\/europa\/","title":{"rendered":"Europe"},"content":{"rendered":"<p>[et_pb_section fb_built=\u00bb1&#8243; _builder_version=\u00bb4.21.0&#8243; _module_preset=\u00bbdefault\u00bb background_enable_image=\u00bboff\u00bb custom_margin=\u00bb0px||0px||false|false\u00bb custom_padding=\u00bb0px||0px||false|false\u00bb global_colors_info=\u00bb{}\u00bb theme_builder_area=\u00bbpost_content\u00bb][et_pb_row _builder_version=\u00bb4.21.0&#8243; _module_preset=\u00bbdefault\u00bb width=\u00bb100%\u00bb max_width=\u00bb2560px\u00bb custom_padding=\u00bb0px||0px||false|false\u00bb global_colors_info=\u00bb{}\u00bb theme_builder_area=\u00bbpost_content\u00bb][et_pb_column type=\u00bb4_4&#8243; _builder_version=\u00bb4.21.0&#8243; _module_preset=\u00bbdefault\u00bb global_colors_info=\u00bb{}\u00bb theme_builder_area=\u00bbpost_content\u00bb][et_pb_image src=\u00bbhttps:\/\/wildlifeconnect.org\/wp-content\/uploads\/2023\/06\/europe-spanish-2.jpg\u00bb title_text=\u00bbMale lion in the Maasai Mara, Kenya\u00bb force_fullwidth=\u00bbon\u00bb _builder_version=\u00bb4.21.0&#8243; _module_preset=\u00bbdefault\u00bb global_colors_info=\u00bb{}\u00bb theme_builder_area=\u00bbpost_content\u00bb][\/et_pb_image][\/et_pb_column][\/et_pb_row][\/et_pb_section][et_pb_section fb_built=\u00bb1&#8243; _builder_version=\u00bb4.21.0&#8243; _module_preset=\u00bbdefault\u00bb background_color=\u00bb#000000&#8243; custom_padding=\u00bb250px||250px||false|false\u00bb global_colors_info=\u00bb{}\u00bb theme_builder_area=\u00bbpost_content\u00bb][et_pb_row column_structure=\u00bb1_2,1_2&#8243; _builder_version=\u00bb4.21.0&#8243; _module_preset=\u00bbdefault\u00bb global_colors_info=\u00bb{}\u00bb theme_builder_area=\u00bbpost_content\u00bb][et_pb_column type=\u00bb1_2&#8243; _builder_version=\u00bb4.21.0&#8243; _module_preset=\u00bbdefault\u00bb global_colors_info=\u00bb{}\u00bb theme_builder_area=\u00bbpost_content\u00bb][et_pb_image src=\u00bbhttps:\/\/wildlifeconnect.org\/wp-content\/uploads\/2023\/05\/map7.png\u00bb title_text=\u00bbmap7&#8243; align=\u00bbcenter\u00bb _builder_version=\u00bb4.21.0&#8243; _module_preset=\u00bbdefault\u00bb global_colors_info=\u00bb{}\u00bb theme_builder_area=\u00bbpost_content\u00bb][\/et_pb_image][\/et_pb_column][et_pb_column type=\u00bb1_2&#8243; _builder_version=\u00bb4.21.0&#8243; _module_preset=\u00bbdefault\u00bb global_colors_info=\u00bb{}\u00bb theme_builder_area=\u00bbpost_content\u00bb][et_pb_text _builder_version=\u00bb4.21.0&#8243; _module_preset=\u00bbdefault\u00bb header_2_text_color=\u00bb#000000&#8243; header_2_font_size=\u00bb42px\u00bb background_color=\u00bbrgba(217,217,217,0.81)\u00bb custom_padding=\u00bb20px|20px|20px|20px|false|false\u00bb global_colors_info=\u00bb{}\u00bb theme_builder_area=\u00bbpost_content\u00bb]<\/p>\n<h2 class=\"elementor-heading-title elementor-size-default\">Europe<\/h2>\n<p>[\/et_pb_text][et_pb_text _builder_version=\u00bb4.21.0&#8243; _module_preset=\u00bbdefault\u00bb text_text_color=\u00bb#000000&#8243; text_font_size=\u00bb20px\u00bb text_line_height=\u00bb1.5em\u00bb background_color=\u00bbrgba(232,232,232,0.67)\u00bb text_orientation=\u00bbjustified\u00bb custom_margin=\u00bb-38px||||false|false\u00bb custom_padding=\u00bb20px|20px|20px|20px|false|false\u00bb global_colors_info=\u00bb{}\u00bb theme_builder_area=\u00bbpost_content\u00bb]<\/p>\n<p><strong>The Carpathians are one of Europe\u2019s last great wilderness areas,<\/strong><span>\u00a0a haven for large carnivores such as brown bears, wolves and lynx, as well as the site of a comeback of Europe\u2019s largest herbivore, the bison. However connectivity that these animals need is being challenged by habitat fragmentation, and the development of transport and other infrastructure.<\/span><\/p>\n<p>[\/et_pb_text][dsm_button button_one_text=\u00bbClick aqu\u00ed para mayor informaci\u00f3n \u00bb button_one_url=\u00bb#\u00bb button_one_url_new_window=\u00bbon\u00bb button_alignment=\u00bbcenter\u00bb _builder_version=\u00bb4.21.0&#8243; _module_preset=\u00bbdefault\u00bb custom_button_one=\u00bbon\u00bb button_one_text_size=\u00bb15px\u00bb button_one_text_color=\u00bb#FFFFFF\u00bb button_one_bg_color=\u00bb#7b838a\u00bb button_one_icon=\u00bb&#xf05a;||fa||900&#8243; button_one_icon_color=\u00bb#FFFFFF\u00bb button_one_icon_placement=\u00bbleft\u00bb button_one_on_hover=\u00bboff\u00bb background_layout=\u00bbdark\u00bb global_colors_info=\u00bb{}\u00bb theme_builder_area=\u00bbpost_content\u00bb][\/dsm_button][\/et_pb_column][\/et_pb_row][\/et_pb_section][et_pb_section fb_built=\u00bb1&#8243; _builder_version=\u00bb4.21.0&#8243; _module_preset=\u00bbdefault\u00bb background_color=\u00bb#17202c\u00bb custom_padding=\u00bb250px||250px||false|false\u00bb global_colors_info=\u00bb{}\u00bb theme_builder_area=\u00bbpost_content\u00bb][et_pb_row column_structure=\u00bb1_2,1_2&#8243; _builder_version=\u00bb4.21.0&#8243; _module_preset=\u00bbdefault\u00bb global_colors_info=\u00bb{}\u00bb theme_builder_area=\u00bbpost_content\u00bb][et_pb_column type=\u00bb1_2&#8243; _builder_version=\u00bb4.21.0&#8243; _module_preset=\u00bbdefault\u00bb global_colors_info=\u00bb{}\u00bb theme_builder_area=\u00bbpost_content\u00bb][et_pb_text _builder_version=\u00bb4.21.0&#8243; _module_preset=\u00bbdefault\u00bb header_2_font=\u00bbBahiana|600|||||||\u00bb header_2_text_color=\u00bb#FFFFFF\u00bb header_2_font_size=\u00bb50px\u00bb background_color=\u00bbrgba(217,217,217,0.42)\u00bb custom_padding=\u00bb20px|20px|20px|20px|false|false\u00bb global_colors_info=\u00bb{}\u00bb theme_builder_area=\u00bbpost_content\u00bb]<\/p>\n<h2 class=\"elementor-heading-title elementor-size-xxl\">Wildlife Connect aims to build on these successes in 4 additional landscapes, one on each continent<\/h2>\n<p>[\/et_pb_text][et_pb_text _builder_version=\u00bb4.22.0&#8243; _module_preset=\u00bbdefault\u00bb header_2_font=\u00bbBahiana|600|||||||\u00bb header_2_text_color=\u00bb#FFFFFF\u00bb header_2_font_size=\u00bb50px\u00bb background_color=\u00bbrgba(217,217,217,0.42)\u00bb custom_padding=\u00bb20px|20px|20px|20px|false|false\u00bb link_option_url=\u00bbhttps:\/\/wildlifeconnect.org\/wp-content\/uploads\/2026\/02\/Climate-Smart-Methodology-1.pdf\u00bb global_colors_info=\u00bb{}\u00bb theme_builder_area=\u00bbpost_content\u00bb]<\/p>\n<blockquote>\n<p><span style=\"color: #ffffff;\">Read more: Identification of Climate-Smart Ecological Networks For Large Carnivores<\/span><\/p>\n<\/blockquote>\n<p>[\/et_pb_text][et_pb_blurb title=\u00bbFilling the Gap\u00bb image=\u00bbhttps:\/\/wildlifeconnect.org\/wp-content\/uploads\/2026\/02\/DSC01506-1-scaled.jpg\u00bb _builder_version=\u00bb4.22.0&#8243; _module_preset=\u00bbdefault\u00bb theme_builder_area=\u00bbpost_content\u00bb link_option_url=\u00bbhttps:\/\/wildlifeconnect.org\/2026\/02\/1584\/\u00bb hover_enabled=\u00bb0&#8243; sticky_enabled=\u00bb0&#8243; title_text=\u00bbDSC01506 (1)\u00bb]<\/p>\n<p><span data-contrast=\"auto\" xml:lang=\"EN-US\" lang=\"EN-US\" class=\"TextRun SCXW154444143 BCX0\"><span class=\"NormalTextRun SCXW154444143 BCX0\">In southern Bolivia, in the municipality of El Carmen Rivero<span>\u00a0<\/span><\/span><span class=\"NormalTextRun SpellingErrorV2Themed SCXW154444143 BCX0\">T\u00f3rrez<\/span><span class=\"NormalTextRun SCXW154444143 BCX0\">, nature gained a new ally with the creation of the Monte Carmelo Municipal Protected Area. Read more here <\/span><\/span><span class=\"EOP SCXW154444143 BCX0\" data-ccp-props=\"{}\">\u00a0<\/span><\/p>\n<p>[\/et_pb_blurb][\/et_pb_column][et_pb_column type=\u00bb1_2&#8243; _builder_version=\u00bb4.21.0&#8243; _module_preset=\u00bbdefault\u00bb global_colors_info=\u00bb{}\u00bb theme_builder_area=\u00bbpost_content\u00bb][dsm_image_accordion image_accordion_animation=\u00bbpush_up\u00bb image_accordion_animation_sequence=\u00bbon\u00bb ia_height=\u00bb411px\u00bb _builder_version=\u00bb4.21.0&#8243; _module_preset=\u00bbdefault\u00bb custom_margin=\u00bb-100px||||false|false\u00bb global_colors_info=\u00bb{}\u00bb theme_builder_area=\u00bbpost_content\u00bb][dsm_image_accordion_child image_accordion_src=\u00bbhttps:\/\/wildlifeconnect.org\/wp-content\/uploads\/2023\/05\/map4.jpg\u00bb image_accordion_title=\u00bbAsia\u00bb image_accordion_desc=\u00bbIndia Central\u00bb ia_align_horizontal=\u00bbleft\u00bb ia_align_vertical=\u00bbbottom\u00bb _builder_version=\u00bb4.21.0&#8243; _dynamic_attributes=\u00bblink_option_url\u00bb _module_preset=\u00bbdefault\u00bb title_font=\u00bbArial|800|||||||\u00bb title_text_color=\u00bb#000000&#8243; title_font_size=\u00bb30px\u00bb desc_font=\u00bb|800|||||||\u00bb desc_text_color=\u00bb#000000&#8243; desc_font_size=\u00bb25px\u00bb background_enable_color=\u00bboff\u00bb custom_padding=\u00bb|||20px|false|false\u00bb link_option_url=\u00bb@ET-DC@eyJkeW5hbWljIjp0cnVlLCJjb250ZW50IjoicG9zdF9saW5rX3VybF9wYWdlIiwic2V0dGluZ3MiOnsicG9zdF9pZCI6IjExMzkifX0=@\u00bb global_colors_info=\u00bb{}\u00bb theme_builder_area=\u00bbpost_content\u00bb][\/dsm_image_accordion_child][dsm_image_accordion_child image_accordion_src=\u00bbhttps:\/\/wildlifeconnect.org\/wp-content\/uploads\/2023\/05\/map7.png\u00bb image_accordion_title=\u00bbEuropa\u00bb image_accordion_desc=\u00bbC\u00e1rpatos\u00bb ia_align_horizontal=\u00bbleft\u00bb ia_align_vertical=\u00bbbottom\u00bb _builder_version=\u00bb4.21.0&#8243; _dynamic_attributes=\u00bblink_option_url\u00bb _module_preset=\u00bbdefault\u00bb title_font=\u00bbArial|800|||||||\u00bb title_text_color=\u00bb#000000&#8243; title_font_size=\u00bb30px\u00bb desc_font=\u00bb|800|||||||\u00bb desc_text_color=\u00bb#000000&#8243; desc_font_size=\u00bb25px\u00bb background_enable_color=\u00bboff\u00bb custom_padding=\u00bb|||20px|false|false\u00bb link_option_url=\u00bb@ET-DC@eyJkeW5hbWljIjp0cnVlLCJjb250ZW50IjoicG9zdF9saW5rX3VybF9wYWdlIiwic2V0dGluZ3MiOnsicG9zdF9pZCI6IjExNDgifX0=@\u00bb global_colors_info=\u00bb{}\u00bb theme_builder_area=\u00bbpost_content\u00bb][\/dsm_image_accordion_child][dsm_image_accordion_child image_accordion_src=\u00bbhttps:\/\/wildlifeconnect.org\/wp-content\/uploads\/2023\/05\/sudamerica.jpg\u00bb image_accordion_title=\u00bbLatinoam\u00e9rica\u00bb image_accordion_desc=\u00bbChaco-Pantanal (PACHA)<br \/>\n\u00a9 Panthera\u00bb ia_align_horizontal=\u00bbleft\u00bb ia_align_vertical=\u00bbbottom\u00bb _builder_version=\u00bb4.21.0&#8243; _dynamic_attributes=\u00bblink_option_url\u00bb _module_preset=\u00bbdefault\u00bb title_font=\u00bbArial|800|||||||\u00bb title_text_color=\u00bb#000000&#8243; title_font_size=\u00bb30px\u00bb desc_font=\u00bb|800|||||||\u00bb desc_text_color=\u00bb#000000&#8243; desc_font_size=\u00bb25px\u00bb background_enable_color=\u00bboff\u00bb custom_padding=\u00bb|||20px|false|false\u00bb link_option_url=\u00bb@ET-DC@eyJkeW5hbWljIjp0cnVlLCJjb250ZW50IjoicG9zdF9saW5rX3VybF9wYWdlIiwic2V0dGluZ3MiOnsicG9zdF9pZCI6IjExNTQifX0=@\u00bb global_colors_info=\u00bb{}\u00bb theme_builder_area=\u00bbpost_content\u00bb][\/dsm_image_accordion_child][dsm_image_accordion_child image_accordion_src=\u00bbhttps:\/\/wildlifeconnect.org\/wp-content\/uploads\/2023\/05\/Soknot.jpg\u00bb image_accordion_title=\u00bbAfrica\u00bb image_accordion_desc=\u00bbKenia del Sur &#8211; Norte de Tanzania (SOKNOT)\u00bb ia_align_horizontal=\u00bbleft\u00bb ia_align_vertical=\u00bbbottom\u00bb _builder_version=\u00bb4.21.0&#8243; _dynamic_attributes=\u00bblink_option_url\u00bb _module_preset=\u00bbdefault\u00bb title_font=\u00bbArial|800|||||||\u00bb title_text_color=\u00bb#000000&#8243; title_font_size=\u00bb30px\u00bb desc_font=\u00bb|800|||||||\u00bb desc_text_color=\u00bb#000000&#8243; desc_font_size=\u00bb25px\u00bb background_enable_color=\u00bboff\u00bb custom_padding=\u00bb|||20px|false|false\u00bb link_option_url=\u00bb@ET-DC@eyJkeW5hbWljIjp0cnVlLCJjb250ZW50IjoicG9zdF9saW5rX3VybF9wYWdlIiwic2V0dGluZ3MiOnsicG9zdF9pZCI6IjExNjAifX0=@\u00bb global_colors_info=\u00bb{}\u00bb theme_builder_area=\u00bbpost_content\u00bb][\/dsm_image_accordion_child][\/dsm_image_accordion][\/et_pb_column][\/et_pb_row][\/et_pb_section]<\/p>","protected":false},"excerpt":{"rendered":"<p>EuropaLos C\u00e1rpatos son una de las \u00faltimas grandes \u00e1reas silvestres de Europa.\u00a0Un refugio para los grandes carn\u00edvoros como los osos pardos, los lobos y el lince, as\u00ed como el lugar del movimiento del herb\u00edvoro m\u00e1s grande de Europa, el bisonte. Sin embargo, la conectividad que necesitan estos animales se ve desafiada por la fragmentaci\u00f3n del [&hellip;]<\/p>","protected":false},"author":1,"featured_media":0,"parent":0,"menu_order":0,"comment_status":"closed","ping_status":"closed","template":"","meta":{"_et_pb_use_builder":"on","_et_pb_old_content":"","_et_gb_content_width":"","om_disable_all_campaigns":false,"_monsterinsights_skip_tracking":false,"_monsterinsights_sitenote_active":false,"_monsterinsights_sitenote_note":"","_monsterinsights_sitenote_category":0},"wf_page_folders":[],"aioseo_notices":[],"_links":{"self":[{"href":"https:\/\/wildlifeconnect.org\/en\/wp-json\/wp\/v2\/pages\/1148"}],"collection":[{"href":"https:\/\/wildlifeconnect.org\/en\/wp-json\/wp\/v2\/pages"}],"about":[{"href":"https:\/\/wildlifeconnect.org\/en\/wp-json\/wp\/v2\/types\/page"}],"author":[{"embeddable":true,"href":"https:\/\/wildlifeconnect.org\/en\/wp-json\/wp\/v2\/users\/1"}],"replies":[{"embeddable":true,"href":"https:\/\/wildlifeconnect.org\/en\/wp-json\/wp\/v2\/comments?post=1148"}],"version-history":[{"count":12,"href":"https:\/\/wildlifeconnect.org\/en\/wp-json\/wp\/v2\/pages\/1148\/revisions"}],"predecessor-version":[{"id":1600,"href":"https:\/\/wildlifeconnect.org\/en\/wp-json\/wp\/v2\/pages\/1148\/revisions\/1600"}],"wp:attachment":[{"href":"https:\/\/wildlifeconnect.org\/en\/wp-json\/wp\/v2\/media?parent=1148"}],"wp:term":[{"taxonomy":"wf_page_folders","embeddable":true,"href":"https:\/\/wildlifeconnect.org\/en\/wp-json\/wp\/v2\/wf_page_folders?post=1148"}],"curies":[{"name":"wp","href":"https:\/\/api.w.org\/{rel}","templated":true}]}}